{"id":51010,"date":"2024-09-16T14:58:15","date_gmt":"2024-09-16T14:58:15","guid":{"rendered":"https:\/\/preprod2.les-balcons.com\/cartes-soins-spa-les-balcons\/"},"modified":"2024-12-10T16:15:51","modified_gmt":"2024-12-10T16:15:51","slug":"les-balcons-spa-treatment-menu","status":"publish","type":"page","link":"https:\/\/www.les-balcons.com\/en\/les-balcons-spa-treatment-menu\/","title":{"rendered":"Les Balcons spa treatment menu"},"content":{"rendered":"\n<div class=\"wp-block-uagb-container uagb-block-2dbf9ab7 alignfull uagb-is-root-container\"><div class=\"uagb-container-inner-blocks-wrap\">\n<div class=\"wp-block-uagb-container uagb-block-b736a574\">\n<figure class=\"wp-block-image size-large\"><img loading=\"lazy\" decoding=\"async\" width=\"725\" height=\"1024\" src=\"https:\/\/www.les-balcons.com\/wp-content\/uploads\/couv-spa-725x1024.jpg\" alt=\"\" class=\"wp-image-95858\" style=\"object-fit:cover\" srcset=\"https:\/\/www.les-balcons.com\/wp-content\/uploads\/couv-spa-725x1024.jpg 725w, https:\/\/www.les-balcons.com\/wp-content\/uploads\/couv-spa-212x300.jpg 212w, https:\/\/www.les-balcons.com\/wp-content\/uploads\/couv-spa-768x1084.jpg 768w, https:\/\/www.les-balcons.com\/wp-content\/uploads\/couv-spa.jpg 789w\" sizes=\"auto, (max-width: 725px) 100vw, 725px\" \/><\/figure>\n<\/div>\n\n\n\n<div class=\"wp-block-uagb-container uagb-block-4ed8e7dd\"><div class=\"wp-block-image\">\n<figure class=\"aligncenter size-full is-resized\"><img loading=\"lazy\" decoding=\"async\" width=\"133\" height=\"96\" src=\"https:\/\/www.les-balcons.com\/wp-content\/uploads\/communs\/logos-stations\/logo-val-thorens-140-100-marron.png\" alt=\"Logo Val Thorens\" class=\"wp-image-4732\" style=\"width:133px;height:auto\"\/><\/figure>\n<\/div>\n\n\n<div class=\"wp-block-buttons is-content-justification-center is-layout-flex wp-container-core-buttons-is-layout-16018d1d wp-block-buttons-is-layout-flex\">\n<div class=\"wp-block-button is-style-fill\"><a class=\"wp-block-button__link has-background has-text-align-center wp-element-button\" href=\"https:\/\/www.les-balcons.com\/wp-content\/uploads\/hiver-24-25-carte-spa-val-thorens-web.pdf\" style=\"background-color:#006774\"><strong>Val ThorSpa treatments menu<\/strong><\/a><\/div>\n<\/div>\n\n\n<div class=\"wp-block-image\">\n<figure class=\"aligncenter size-full\"><img loading=\"lazy\" decoding=\"async\" width=\"141\" height=\"100\" src=\"https:\/\/www.les-balcons.com\/wp-content\/uploads\/communs\/logos-stations\/logo-val-cenis-140-100-marron.png\" alt=\"Logo Val Cenis\" class=\"wp-image-4730\"\/><\/figure>\n<\/div>\n\n\n<div class=\"wp-block-buttons is-content-justification-center is-layout-flex wp-container-core-buttons-is-layout-16018d1d wp-block-buttons-is-layout-flex\">\n<div class=\"wp-block-button is-style-fill\"><a class=\"wp-block-button__link has-background has-text-align-center wp-element-button\" href=\"https:\/\/www.les-balcons.com\/wp-content\/uploads\/hiver-24-25-carte-spa-val-cenis-web.pdf\" style=\"background-color:#006774\"><strong>Val Cenis<\/strong> <strong>Spa treatments menu<\/strong><\/a><\/div>\n<\/div>\n\n\n<div class=\"wp-block-image\">\n<figure class=\"aligncenter size-full\"><img loading=\"lazy\" decoding=\"async\" width=\"141\" height=\"100\" src=\"https:\/\/www.les-balcons.com\/wp-content\/uploads\/communs\/logos-stations\/logo-la-rosiere-140-100-marron.png\" alt=\"Logo La Rosiere\" class=\"wp-image-4728\"\/><\/figure>\n<\/div>\n\n\n<div class=\"wp-block-buttons is-content-justification-center is-layout-flex wp-container-core-buttons-is-layout-16018d1d wp-block-buttons-is-layout-flex\">\n<div class=\"wp-block-button is-style-fill\"><a class=\"wp-block-button__link has-background has-text-align-center wp-element-button\" href=\"https:\/\/www.les-balcons.com\/wp-content\/uploads\/hiver-24-25-carte-spa-alparena-web-1.pdf\" style=\"background-color:#006774\"><strong>La Rosi\u00e8re<\/strong> <strong>Spa treatments menu<\/strong><\/a><\/div>\n<\/div>\n\n\n<div class=\"wp-block-image\">\n<figure class=\"aligncenter size-full\"><img loading=\"lazy\" decoding=\"async\" width=\"140\" height=\"100\" src=\"https:\/\/www.les-balcons.com\/wp-content\/uploads\/communs\/logos-stations\/logo-la-plagne-140-100-marron.png\" alt=\"Logo La Pagne\" class=\"wp-image-4726\"\/><\/figure>\n<\/div>\n\n\n<div class=\"wp-block-buttons is-content-justification-center is-layout-flex wp-container-core-buttons-is-layout-16018d1d wp-block-buttons-is-layout-flex\">\n<div class=\"wp-block-button is-style-fill\"><a class=\"wp-block-button__link has-background wp-element-button\" href=\"https:\/\/www.les-balcons.com\/wp-content\/uploads\/hiver-24-25-carte-spa-belle-plagn-web.pdf\" style=\"background-color:#006774\"><strong> La Plagne<\/strong> <strong>Spa treatments menu<\/strong><\/a><\/div>\n<\/div>\n<\/div>\n<\/div><\/div>\n","protected":false},"excerpt":{"rendered":"","protected":false},"author":2,"featured_media":0,"parent":0,"menu_order":0,"comment_status":"closed","ping_status":"closed","template":"","meta":{"_acf_changed":false,"_uag_custom_page_level_css":"","footnotes":""},"class_list":["post-51010","page","type-page","status-publish","hentry"],"acf":[],"yoast_head":"<!-- This site is optimized with the Yoast SEO plugin v27.5 - https:\/\/yoast.com\/product\/yoast-seo-wordpress\/ -->\n<title>Les Balcons spa treatment menu<\/title>\n<meta name=\"description\" content=\"Val ThorSpa treatments menu     Val Cenis Spa treatments menu     La Rosi\u00e8re Spa treatments menu      La Plagne Spa treatments menu\" \/>\n<meta name=\"robots\" content=\"index, follow, max-snippet:-1, max-image-preview:large, max-video-preview:-1\" \/>\n<link rel=\"canonical\" href=\"https:\/\/www.les-balcons.com\/en\/les-balcons-spa-treatment-menu\/\" \/>\n<meta property=\"og:locale\" content=\"en_US\" \/>\n<meta property=\"og:type\" content=\"article\" \/>\n<meta property=\"og:title\" content=\"Les Balcons spa treatment menu\" \/>\n<meta property=\"og:description\" content=\"Val ThorSpa treatments menu     Val Cenis Spa treatments menu     La Rosi\u00e8re Spa treatments menu      La Plagne Spa treatments menu\" \/>\n<meta property=\"og:url\" content=\"https:\/\/www.les-balcons.com\/en\/les-balcons-spa-treatment-menu\/\" \/>\n<meta property=\"og:site_name\" content=\"Les Balcons \u2013 R\u00e9sidences et s\u00e9jours Alpes du Nord\" \/>\n<meta property=\"article:modified_time\" content=\"2024-12-10T16:15:51+00:00\" \/>\n<meta property=\"og:image\" content=\"https:\/\/www.les-balcons.com\/wp-content\/uploads\/couv-spa-725x1024.jpg\" \/>\n<meta name=\"twitter:card\" content=\"summary_large_image\" \/>\n<meta name=\"twitter:label1\" content=\"Est. reading time\" \/>\n\t<meta name=\"twitter:data1\" content=\"2 minutes\" \/>\n<script type=\"application\/ld+json\" class=\"yoast-schema-graph\">{\"@context\":\"https:\\\/\\\/schema.org\",\"@graph\":[{\"@type\":\"WebPage\",\"@id\":\"https:\\\/\\\/www.les-balcons.com\\\/en\\\/les-balcons-spa-treatment-menu\\\/\",\"url\":\"https:\\\/\\\/www.les-balcons.com\\\/en\\\/les-balcons-spa-treatment-menu\\\/\",\"name\":\"Les Balcons spa treatment menu\",\"isPartOf\":{\"@id\":\"https:\\\/\\\/www.les-balcons.com\\\/en\\\/#website\"},\"primaryImageOfPage\":{\"@id\":\"https:\\\/\\\/www.les-balcons.com\\\/en\\\/les-balcons-spa-treatment-menu\\\/#primaryimage\"},\"image\":{\"@id\":\"https:\\\/\\\/www.les-balcons.com\\\/en\\\/les-balcons-spa-treatment-menu\\\/#primaryimage\"},\"thumbnailUrl\":\"https:\\\/\\\/www.les-balcons.com\\\/wp-content\\\/uploads\\\/couv-spa-725x1024.jpg\",\"datePublished\":\"2024-09-16T14:58:15+00:00\",\"dateModified\":\"2024-12-10T16:15:51+00:00\",\"description\":\"Val ThorSpa treatments menu Val Cenis Spa treatments menu La Rosi\u00e8re Spa treatments menu La Plagne Spa treatments menu\",\"breadcrumb\":{\"@id\":\"https:\\\/\\\/www.les-balcons.com\\\/en\\\/les-balcons-spa-treatment-menu\\\/#breadcrumb\"},\"inLanguage\":\"en-US\",\"potentialAction\":[{\"@type\":\"ReadAction\",\"target\":[\"https:\\\/\\\/www.les-balcons.com\\\/en\\\/les-balcons-spa-treatment-menu\\\/\"]}]},{\"@type\":\"ImageObject\",\"inLanguage\":\"en-US\",\"@id\":\"https:\\\/\\\/www.les-balcons.com\\\/en\\\/les-balcons-spa-treatment-menu\\\/#primaryimage\",\"url\":\"https:\\\/\\\/www.les-balcons.com\\\/wp-content\\\/uploads\\\/couv-spa-725x1024.jpg\",\"contentUrl\":\"https:\\\/\\\/www.les-balcons.com\\\/wp-content\\\/uploads\\\/couv-spa-725x1024.jpg\"},{\"@type\":\"BreadcrumbList\",\"@id\":\"https:\\\/\\\/www.les-balcons.com\\\/en\\\/les-balcons-spa-treatment-menu\\\/#breadcrumb\",\"itemListElement\":[{\"@type\":\"ListItem\",\"position\":1,\"name\":\"Homepage\",\"item\":\"https:\\\/\\\/www.les-balcons.com\\\/en\\\/fr\\\/\"},{\"@type\":\"ListItem\",\"position\":2,\"name\":\"Les Balcons spa treatment menu\"}]},{\"@type\":\"WebSite\",\"@id\":\"https:\\\/\\\/www.les-balcons.com\\\/en\\\/#website\",\"url\":\"https:\\\/\\\/www.les-balcons.com\\\/en\\\/\",\"name\":\"Les Balcons \u2013 R\u00e9sidences et s\u00e9jours Alpes du Nord\",\"description\":\"10 \u00e9tablissements, H\u00f4tel et R\u00e9sidences pour vos vacances \u00e0 la montagne\",\"publisher\":{\"@id\":\"https:\\\/\\\/www.les-balcons.com\\\/en\\\/#organization\"},\"potentialAction\":[{\"@type\":\"SearchAction\",\"target\":{\"@type\":\"EntryPoint\",\"urlTemplate\":\"https:\\\/\\\/www.les-balcons.com\\\/en\\\/?s={search_term_string}\"},\"query-input\":{\"@type\":\"PropertyValueSpecification\",\"valueRequired\":true,\"valueName\":\"search_term_string\"}}],\"inLanguage\":\"en-US\"},{\"@type\":\"Organization\",\"@id\":\"https:\\\/\\\/www.les-balcons.com\\\/en\\\/#organization\",\"name\":\"Les Balcons\",\"url\":\"https:\\\/\\\/www.les-balcons.com\\\/en\\\/\",\"logo\":{\"@type\":\"ImageObject\",\"inLanguage\":\"en-US\",\"@id\":\"https:\\\/\\\/www.les-balcons.com\\\/en\\\/#\\\/schema\\\/logo\\\/image\\\/\",\"url\":\"https:\\\/\\\/les-balcons.com\\\/wp-content\\\/uploads\\\/communs\\\/logos-et-gammes\\\/logo-les-balcons-base.png\",\"contentUrl\":\"https:\\\/\\\/les-balcons.com\\\/wp-content\\\/uploads\\\/communs\\\/logos-et-gammes\\\/logo-les-balcons-base.png\",\"width\":3508,\"height\":2481,\"caption\":\"Les Balcons\"},\"image\":{\"@id\":\"https:\\\/\\\/www.les-balcons.com\\\/en\\\/#\\\/schema\\\/logo\\\/image\\\/\"}}]}<\/script>\n<!-- \/ Yoast SEO plugin. -->","yoast_head_json":{"title":"Les Balcons spa treatment menu","description":"Val ThorSpa treatments menu     Val Cenis Spa treatments menu     La Rosi\u00e8re Spa treatments menu      La Plagne Spa treatments menu","robots":{"index":"index","follow":"follow","max-snippet":"max-snippet:-1","max-image-preview":"max-image-preview:large","max-video-preview":"max-video-preview:-1"},"canonical":"https:\/\/www.les-balcons.com\/en\/les-balcons-spa-treatment-menu\/","og_locale":"en_US","og_type":"article","og_title":"Les Balcons spa treatment menu","og_description":"Val ThorSpa treatments menu     Val Cenis Spa treatments menu     La Rosi\u00e8re Spa treatments menu      La Plagne Spa treatments menu","og_url":"https:\/\/www.les-balcons.com\/en\/les-balcons-spa-treatment-menu\/","og_site_name":"Les Balcons \u2013 R\u00e9sidences et s\u00e9jours Alpes du Nord","article_modified_time":"2024-12-10T16:15:51+00:00","og_image":[{"url":"https:\/\/www.les-balcons.com\/wp-content\/uploads\/couv-spa-725x1024.jpg","type":"","width":"","height":""}],"twitter_card":"summary_large_image","twitter_misc":{"Est. reading time":"2 minutes"},"schema":{"@context":"https:\/\/schema.org","@graph":[{"@type":"WebPage","@id":"https:\/\/www.les-balcons.com\/en\/les-balcons-spa-treatment-menu\/","url":"https:\/\/www.les-balcons.com\/en\/les-balcons-spa-treatment-menu\/","name":"Les Balcons spa treatment menu","isPartOf":{"@id":"https:\/\/www.les-balcons.com\/en\/#website"},"primaryImageOfPage":{"@id":"https:\/\/www.les-balcons.com\/en\/les-balcons-spa-treatment-menu\/#primaryimage"},"image":{"@id":"https:\/\/www.les-balcons.com\/en\/les-balcons-spa-treatment-menu\/#primaryimage"},"thumbnailUrl":"https:\/\/www.les-balcons.com\/wp-content\/uploads\/couv-spa-725x1024.jpg","datePublished":"2024-09-16T14:58:15+00:00","dateModified":"2024-12-10T16:15:51+00:00","description":"Val ThorSpa treatments menu Val Cenis Spa treatments menu La Rosi\u00e8re Spa treatments menu La Plagne Spa treatments menu","breadcrumb":{"@id":"https:\/\/www.les-balcons.com\/en\/les-balcons-spa-treatment-menu\/#breadcrumb"},"inLanguage":"en-US","potentialAction":[{"@type":"ReadAction","target":["https:\/\/www.les-balcons.com\/en\/les-balcons-spa-treatment-menu\/"]}]},{"@type":"ImageObject","inLanguage":"en-US","@id":"https:\/\/www.les-balcons.com\/en\/les-balcons-spa-treatment-menu\/#primaryimage","url":"https:\/\/www.les-balcons.com\/wp-content\/uploads\/couv-spa-725x1024.jpg","contentUrl":"https:\/\/www.les-balcons.com\/wp-content\/uploads\/couv-spa-725x1024.jpg"},{"@type":"BreadcrumbList","@id":"https:\/\/www.les-balcons.com\/en\/les-balcons-spa-treatment-menu\/#breadcrumb","itemListElement":[{"@type":"ListItem","position":1,"name":"Homepage","item":"https:\/\/www.les-balcons.com\/en\/fr\/"},{"@type":"ListItem","position":2,"name":"Les Balcons spa treatment menu"}]},{"@type":"WebSite","@id":"https:\/\/www.les-balcons.com\/en\/#website","url":"https:\/\/www.les-balcons.com\/en\/","name":"Les Balcons \u2013 R\u00e9sidences et s\u00e9jours Alpes du Nord","description":"10 \u00e9tablissements, H\u00f4tel et R\u00e9sidences pour vos vacances \u00e0 la montagne","publisher":{"@id":"https:\/\/www.les-balcons.com\/en\/#organization"},"potentialAction":[{"@type":"SearchAction","target":{"@type":"EntryPoint","urlTemplate":"https:\/\/www.les-balcons.com\/en\/?s={search_term_string}"},"query-input":{"@type":"PropertyValueSpecification","valueRequired":true,"valueName":"search_term_string"}}],"inLanguage":"en-US"},{"@type":"Organization","@id":"https:\/\/www.les-balcons.com\/en\/#organization","name":"Les Balcons","url":"https:\/\/www.les-balcons.com\/en\/","logo":{"@type":"ImageObject","inLanguage":"en-US","@id":"https:\/\/www.les-balcons.com\/en\/#\/schema\/logo\/image\/","url":"https:\/\/les-balcons.com\/wp-content\/uploads\/communs\/logos-et-gammes\/logo-les-balcons-base.png","contentUrl":"https:\/\/les-balcons.com\/wp-content\/uploads\/communs\/logos-et-gammes\/logo-les-balcons-base.png","width":3508,"height":2481,"caption":"Les Balcons"},"image":{"@id":"https:\/\/www.les-balcons.com\/en\/#\/schema\/logo\/image\/"}}]}},"uagb_featured_image_src":{"full":false,"thumbnail":false,"medium":false,"medium_large":false,"large":false,"1536x1536":false,"2048x2048":false,"size-365x220":false},"uagb_author_info":{"display_name":"admin_balcons","author_link":"https:\/\/www.les-balcons.com\/en\/author\/admin_balcons\/"},"uagb_comment_info":0,"uagb_excerpt":null,"post_mailing_queue_ids":[],"_links":{"self":[{"href":"https:\/\/www.les-balcons.com\/en\/wp-json\/wp\/v2\/pages\/51010","targetHints":{"allow":["GET"]}}],"collection":[{"href":"https:\/\/www.les-balcons.com\/en\/wp-json\/wp\/v2\/pages"}],"about":[{"href":"https:\/\/www.les-balcons.com\/en\/wp-json\/wp\/v2\/types\/page"}],"author":[{"embeddable":true,"href":"https:\/\/www.les-balcons.com\/en\/wp-json\/wp\/v2\/users\/2"}],"replies":[{"embeddable":true,"href":"https:\/\/www.les-balcons.com\/en\/wp-json\/wp\/v2\/comments?post=51010"}],"version-history":[{"count":0,"href":"https:\/\/www.les-balcons.com\/en\/wp-json\/wp\/v2\/pages\/51010\/revisions"}],"wp:attachment":[{"href":"https:\/\/www.les-balcons.com\/en\/wp-json\/wp\/v2\/media?parent=51010"}],"curies":[{"name":"wp","href":"https:\/\/api.w.org\/{rel}","templated":true}]}}